{"id":1376,"date":"2015-12-14T04:09:47","date_gmt":"2015-12-14T04:09:47","guid":{"rendered":"http:\/\/theme-fusion.com\/avada\/medical\/?page_id=5"},"modified":"2025-10-10T20:28:27","modified_gmt":"2025-10-10T20:28:27","slug":"dermatologo-tenerife-sur-2","status":"publish","type":"page","link":"https:\/\/www.ramirez-derma.com\/de\/","title":{"rendered":"Ramirez Derma &#8211; Dermat\u00f3logo Tenerife Sur"},"content":{"rendered":"<p><div class=\"fusion-bg-parallax\" data-bg-align=\"center center\" data-direction=\"up\" data-mute=\"false\" data-opacity=\"100\" data-velocity=\"-0.4\" data-mobile-enabled=\"false\" data-break_parents=\"0\" data-bg-image=\"https:\/\/ramirez-derma.com\/wp-content\/uploads\/2017\/12\/banner1-1024x683.jpg\" data-bg-repeat=\"false\" ><\/div><div class=\"fusion-fullwidth fullwidth-box fusion-builder-row-18 fusion-parallax-up adjust-row nonhundred-percent-fullwidth non-hundred-percent-height-scrolling\" style=\"--awb-border-sizes-top:0px;--awb-border-sizes-bottom:0px;--awb-border-sizes-left:0px;--awb-border-sizes-right:0px;--awb-border-radius-top-left:0px;--awb-border-radius-top-right:0px;--awb-border-radius-bottom-right:0px;--awb-border-radius-bottom-left:0px;--awb-padding-top:14%;--awb-padding-right:5%;--awb-padding-bottom:14%;--awb-padding-left:5%;--awb-background-image:url(&quot;https:\/\/ramirez-derma.com\/wp-content\/uploads\/2017\/12\/banner1-1024x683.jpg&quot;);--awb-background-size:cover;--awb-flex-wrap:wrap;\" ><div class=\"fusion-builder-row fusion-row\"><div class=\"fusion-layout-column fusion_builder_column fusion-builder-column-56 fusion_builder_column_2_3 2_3 fusion-two-third fusion-column-first\" style=\"--awb-bg-size:cover;width:65.3333%; margin-right: 4%;\"><div class=\"fusion-column-wrapper fusion-flex-column-wrapper-legacy\"><div class=\"fusion-text fusion-text-27\" style=\"--awb-text-transform:none;\"><h1 style=\"margin-bottom: 0px;\"><span style=\"color: #ffffff;\">Wir k\u00fcmmern uns um<\/span>\u00a0<span style=\"color: #3bafbf;\">Deine Haut<\/span><\/h1>\n<\/div><div class=\"fusion-sep-clear\"><\/div><div class=\"fusion-separator fusion-full-width-sep\" style=\"margin-left: auto;margin-right: auto;margin-top:15px;margin-bottom:10px;width:100%;\"><\/div><div class=\"fusion-sep-clear\"><\/div><div class=\"fusion-button-wrapper\"><a class=\"fusion-button button-flat fusion-button-default-size button-default fusion-button-default button-9 fusion-button-span-no fusion-button-default-type\" target=\"_blank\" rel=\"noopener noreferrer\" href=\"http:\/\/ramirez-derma.com\/nosotros\"><span class=\"fusion-button-text awb-button__text awb-button__text--default\">\u00dcBER UNS <\/span><\/a><\/div><div class=\"fusion-clearfix\"><\/div><\/div><\/div><div class=\"fusion-layout-column fusion_builder_column fusion-builder-column-57 fusion_builder_column_1_3 1_3 fusion-one-third fusion-column-last fusion-no-small-visibility fusion-animated\" style=\"--awb-padding-top:9%;--awb-padding-right:7%;--awb-padding-bottom:9%;--awb-padding-left:7%;--awb-bg-color:rgba(59,175,191,0.45);--awb-bg-color-hover:rgba(59,175,191,0.45);--awb-bg-size:cover;width:30.6666%;\" data-animationType=\"fadeInUp\" data-animationDuration=\"0.2\" data-animationOffset=\"top-into-view\"><div class=\"fusion-column-wrapper fusion-flex-column-wrapper-legacy\"><div class=\"fusion-title title fusion-title-7 fusion-sep-none fusion-title-center fusion-title-text fusion-title-size-three\"><h3 class=\"fusion-title-heading title-heading-center\" style=\"margin:0;\"><span style=\"color: #ffffff;\"><i class=\"fa fa-clock-o\"><\/i>Z\u00dcGIGE TERMINVERGABE <\/span><\/h3><\/div><div class=\"fusion-sep-clear\"><\/div><div class=\"fusion-separator fusion-full-width-sep\" style=\"margin-left: auto;margin-right: auto;margin-top:5px;margin-bottom:25px;width:100%;\"><div class=\"fusion-separator-border sep-single sep-solid\" style=\"--awb-height:20px;--awb-amount:20px;--awb-sep-color:#3bafbf;border-color:#3bafbf;border-top-width:4px;\"><\/div><\/div><div class=\"fusion-sep-clear\"><\/div><div class=\"fusion-title title fusion-title-8 fusion-sep-none fusion-title-center fusion-title-text fusion-title-size-six\" style=\"--awb-margin-top:5px;--awb-margin-bottom:0px;\"><h6 class=\"fusion-title-heading title-heading-center\" style=\"margin:0;\"><span style=\"color: #ffffff;\">Vereinbaren Sie jetzt Ihren Termin bei uns und wir werden Sie so bald wie m\u00f6glich empfangen<\/span><\/h6><\/div><div class=\"fusion-align-block\"><a class=\"fusion-button button-flat button-small button-default fusion-button-default button-10 fusion-button-span-yes fusion-button-default-type\" target=\"_blank\" rel=\"noopener noreferrer\" href=\"http:\/\/ramirez-derma.com\/contacto\"><span class=\"fusion-button-text awb-button__text awb-button__text--default\">Schreiben Sie uns<\/span><\/a><\/div><div class=\"fusion-title title fusion-title-9 fusion-sep-none fusion-title-center fusion-title-text fusion-title-size-six\" style=\"--awb-margin-top:5px;--awb-margin-bottom:0px;\"><h6 class=\"fusion-title-heading title-heading-center\" style=\"margin:0;\"><span style=\"color: #ffffff;\">Hinterlassen Sie Ihre Telefonnummer und wir rufen Sie kostenlos an<\/span><\/h6><\/div><div class=\"fusion-clearfix\"><\/div><\/div><\/div><\/div><\/div><div class=\"fusion-fullwidth fullwidth-box fusion-builder-row-19 nonhundred-percent-fullwidth non-hundred-percent-height-scrolling fusion-equal-height-columns\" style=\"--awb-border-radius-top-left:0px;--awb-border-radius-top-right:0px;--awb-border-radius-bottom-right:0px;--awb-border-radius-bottom-left:0px;--awb-padding-top:75px;--awb-padding-bottom:40px;--awb-background-color:#3bafbf;--awb-flex-wrap:wrap;\" ><div class=\"fusion-builder-row fusion-row\"><div class=\"fusion-layout-column fusion_builder_column fusion-builder-column-58 fusion_builder_column_3_5 3_5 fusion-three-fifth fusion-column-first\" style=\"--awb-bg-size:cover;width:58.4%; margin-right: 4%;\"><div class=\"fusion-column-wrapper fusion-flex-column-wrapper-legacy\"><div class=\"fusion-text fusion-text-28\" style=\"--awb-text-transform:none;\"><h2 style=\"color: #ffffff; text-align: left; font-weight: 500;\">Jetzt kostenlose Vorab-Beratung vereinbaren<\/h2>\n<\/div><div class=\"fusion-text fusion-text-29\" style=\"--awb-text-transform:none;\"><h3 style=\"color: #fcfcfc; text-align: left;\">Nutzen Sie unser Angebot einer kostenlosen Vorab-Beratung.<br \/>\nUnsere Assistentinnen beraten Sie gerne gezielt zu Ihrem Anliegen und geben Ihnen eine \u00dcbersicht \u00fcber unser Behandlungs- und Dienstleistungsspektrum, sowie Preise und Praxiszeiten.<\/h3>\n<\/div><div class=\"fusion-clearfix\"><\/div><\/div><\/div><div class=\"fusion-layout-column fusion_builder_column fusion-builder-column-59 fusion_builder_column_2_5 2_5 fusion-two-fifth fusion-column-last\" style=\"--awb-bg-size:cover;width:37.6%;\"><div class=\"fusion-column-wrapper fusion-flex-column-wrapper-legacy\"><div class=\"fusion-column-content-centered\"><div class=\"fusion-column-content\"><div class=\"fusion-align-block\"><a class=\"fusion-button button-flat button-xlarge button-custom fusion-button-default button-11 fusion-button-default-span fusion-button-default-type\" style=\"--button_accent_color:#ffffff;--button_accent_hover_color:#ffffff;--button_border_hover_color:#ffffff;--button_border_width-top:1px;--button_border_width-right:1px;--button_border_width-bottom:1px;--button_border_width-left:1px;--button_gradient_top_color:#a0ce4e;--button_gradient_bottom_color:#a0ce4e;--button_gradient_top_color_hover:#96c346;--button_gradient_bottom_color_hover:#96c346;width:calc(100%);\" target=\"_blank\" rel=\"noopener noreferrer\" href=\"https:\/\/ramirez-derma.com\/contacto\/\"><span class=\"fusion-button-text awb-button__text awb-button__text--default\">KOSTENLOSE VORAB-BERATUNG <\/span><\/a><\/div><\/div><\/div><div class=\"fusion-clearfix\"><\/div><\/div><\/div><\/div><\/div><div class=\"fusion-fullwidth fullwidth-box fusion-builder-row-20 nonhundred-percent-fullwidth non-hundred-percent-height-scrolling\" style=\"--awb-background-position:left top;--awb-border-sizes-top:0px;--awb-border-sizes-bottom:0px;--awb-border-sizes-left:0px;--awb-border-sizes-right:0px;--awb-border-radius-top-left:0px;--awb-border-radius-top-right:0px;--awb-border-radius-bottom-right:0px;--awb-border-radius-bottom-left:0px;--awb-padding-top:100px;--awb-padding-bottom:30px;--awb-flex-wrap:wrap;\" ><div class=\"fusion-builder-row fusion-row\"><div class=\"fusion-layout-column fusion_builder_column fusion-builder-column-60 fusion_builder_column_1_6 1_6 fusion-one-sixth fusion-column-first\" style=\"--awb-bg-size:cover;width:16.666666666667%;width:calc(16.666666666667% - ( ( 4% + 4% ) * 0.16666666666667 ) );margin-right: 4%;\"><div class=\"fusion-column-wrapper fusion-flex-column-wrapper-legacy\"><div class=\"fusion-clearfix\"><\/div><\/div><\/div><div class=\"fusion-layout-column fusion_builder_column fusion-builder-column-61 fusion_builder_column_2_3 2_3 fusion-two-third\" style=\"--awb-bg-size:cover;width:66.666666666667%;width:calc(66.666666666667% - ( ( 4% + 4% ) * 0.66666666666667 ) );margin-right: 4%;\"><div class=\"fusion-column-wrapper fusion-flex-column-wrapper-legacy\"><div class=\"fusion-text fusion-text-30\" style=\"--awb-text-transform:none;\"><h2 style=\"text-align: center;\">Herzlich Willkommen in der Hautarztpraxis Dr. Ram\u00edrez<\/h2>\n<\/div><div class=\"fusion-sep-clear\"><\/div><div class=\"fusion-separator\" style=\"margin-left: auto;margin-right: auto;margin-top:0px;margin-bottom:30px;width:100%;max-width:280px;\"><div class=\"fusion-separator-border sep-single sep-solid\" style=\"--awb-height:20px;--awb-amount:20px;--awb-sep-color:#d1d1d1;border-color:#d1d1d1;border-top-width:2px;\"><\/div><\/div><div class=\"fusion-sep-clear\"><\/div><div class=\"fusion-text fusion-text-31\" style=\"--awb-text-transform:none;\"><h3 style=\"text-align: center;\">Der Dermatologe ist Ihr qualifizierter Spezialist f\u00fcr die Behandlung von Haut-, Haar- und Nagelproblemen. Die Haut als unser gr\u00f6\u00dftes Organ gilt es stets zu sch\u00fctzen und zu pflegen, damit sie ihre vielf\u00e4ltigen Aufgaben erf\u00fcllen kann. Unser Ziel ist es, Sie bei der Erhaltung gesunder Haut und Haare zu unterst\u00fctzen, sowie Ver\u00e4nderungen fr\u00fchzeitig zu erkennen und zu behandeln.<\/h3>\n<\/div><div class=\"fusion-clearfix\"><\/div><\/div><\/div><div class=\"fusion-layout-column fusion_builder_column fusion-builder-column-62 fusion_builder_column_1_6 1_6 fusion-one-sixth fusion-column-last\" style=\"--awb-bg-size:cover;width:16.666666666667%;width:calc(16.666666666667% - ( ( 4% + 4% ) * 0.16666666666667 ) );\"><div class=\"fusion-column-wrapper fusion-flex-column-wrapper-legacy\"><div class=\"fusion-clearfix\"><\/div><\/div><\/div><div class=\"fusion-layout-column fusion_builder_column fusion-builder-column-63 fusion_builder_column_1_1 1_1 fusion-one-full fusion-column-first fusion-column-last fusion-column-no-min-height\" style=\"--awb-bg-size:cover;--awb-margin-bottom:0px;\"><div class=\"fusion-column-wrapper fusion-flex-column-wrapper-legacy\"><div class=\"fusion-sep-clear\"><\/div><div class=\"fusion-separator fusion-full-width-sep\" style=\"margin-left: auto;margin-right: auto;margin-top:5px;margin-bottom:5px;width:100%;\"><\/div><div class=\"fusion-sep-clear\"><\/div><div class=\"fusion-clearfix\"><\/div><\/div><\/div><div class=\"fusion-layout-column fusion_builder_column fusion-builder-column-64 fusion_builder_column_1_1 1_1 fusion-one-full fusion-column-first fusion-column-last fusion-column-no-min-height\" style=\"--awb-bg-size:cover;--awb-margin-bottom:0px;\"><div class=\"fusion-column-wrapper fusion-flex-column-wrapper-legacy\"><div class=\"fusion-column-content-centered\"><div class=\"fusion-column-content\"><div class=\"fusion-content-boxes content-boxes columns row fusion-columns-4 fusion-columns-total-4 fusion-content-boxes-10 content-boxes-icon-on-top content-left content-boxes-row m-auto\" style=\"--awb-hover-accent-color:#3bafbf;--awb-circle-hover-accent-color:#3bafbf;\" data-animationOffset=\"top-into-view\"><div style=\"--awb-backgroundcolor:rgba(255,255,255,0);\" class=\"fusion-column content-box-column content-box-column content-box-column-1 col-lg-3 col-md-3 col-sm-3 fusion-content-box-hover content-box-column-first-in-row\"><div class=\"col content-box-wrapper content-wrapper link-area-link-icon content-icon-wrapper-yes icon-hover-animation-fade\" data-animationOffset=\"top-into-view\"><div class=\"heading heading-with-icon icon-left\"><div aria-hidden=\"true\" class=\"image\"><img decoding=\"async\" src=\"https:\/\/ramirez-derma.com\/wp-content\/uploads\/2015\/12\/icon-1.png\" width=\"80\" height=\"80\" alt=\"\" \/><\/div><h2 class=\"content-box-heading\" style=\"--h2_typography-font-size:22px;line-height:27px;\">Z\u00dcGIGE TERMINVERGABE <\/h2><\/div><div class=\"fusion-clearfix\"><\/div><div class=\"content-container\">\n<p class=\"Text\"><span lang=\"DE\">Vereinbaren Sie jetzt Ihren Termin bei uns und wir werden Sie so bald wie m\u00f6glich empfangen.<\/span><\/p>\n<\/div><\/div><\/div><div style=\"--awb-backgroundcolor:rgba(255,255,255,0);\" class=\"fusion-column content-box-column content-box-column content-box-column-2 col-lg-3 col-md-3 col-sm-3 fusion-content-box-hover \"><div class=\"col content-box-wrapper content-wrapper link-area-link-icon content-icon-wrapper-yes icon-hover-animation-fade\" data-animationOffset=\"top-into-view\"><div class=\"heading heading-with-icon icon-left\"><div aria-hidden=\"true\" class=\"image\"><img decoding=\"async\" src=\"https:\/\/ramirez-derma.com\/wp-content\/uploads\/2015\/12\/icon-2.png\" width=\"80\" height=\"80\" alt=\"\" \/><\/div><h2 class=\"content-box-heading\" style=\"--h2_typography-font-size:22px;line-height:27px;\">INDIVIDUELLE BEHANDLUNG <\/h2><\/div><div class=\"fusion-clearfix\"><\/div><div class=\"content-container\">\n<p>Wir gehen auf die individuellen Bed\u00fcrfnisse Ihrer Haut ein<\/p>\n<\/div><\/div><\/div><div style=\"--awb-backgroundcolor:rgba(255,255,255,0);\" class=\"fusion-column content-box-column content-box-column content-box-column-3 col-lg-3 col-md-3 col-sm-3 fusion-content-box-hover \"><div class=\"col content-box-wrapper content-wrapper link-area-link-icon content-icon-wrapper-yes icon-hover-animation-fade\" data-animationOffset=\"top-into-view\"><div class=\"heading heading-with-icon icon-left\"><div aria-hidden=\"true\" class=\"image\"><img decoding=\"async\" src=\"https:\/\/ramirez-derma.com\/wp-content\/uploads\/2015\/12\/icon-3.png\" width=\"80\" height=\"80\" alt=\"\" \/><\/div><h2 class=\"content-box-heading\" style=\"--h2_typography-font-size:22px;line-height:27px;\">FACH\u00c4RZTLICHE EXPERTISE <\/h2><\/div><div class=\"fusion-clearfix\"><\/div><div class=\"content-container\">\n<p>In Deutschland ausgebildete Experten f\u00fcr klassische, chirurgische und \u00e4sthetische Dermatologie.<\/p>\n<\/div><\/div><\/div><div style=\"--awb-backgroundcolor:rgba(255,255,255,0);\" class=\"fusion-column content-box-column content-box-column content-box-column-4 col-lg-3 col-md-3 col-sm-3 fusion-content-box-hover content-box-column-last content-box-column-last-in-row\"><div class=\"col content-box-wrapper content-wrapper link-area-link-icon content-icon-wrapper-yes icon-hover-animation-fade\" data-animationOffset=\"top-into-view\"><div class=\"heading heading-with-icon icon-left\"><div aria-hidden=\"true\" class=\"image\"><img decoding=\"async\" src=\"https:\/\/ramirez-derma.com\/wp-content\/uploads\/2015\/12\/icon-4.png\" width=\"80\" height=\"80\" alt=\"\" \/><\/div><h2 class=\"content-box-heading\" style=\"--h2_typography-font-size:22px;line-height:27px;\">INNOVATIVE THERAPIEVERFAHREN <\/h2><\/div><div class=\"fusion-clearfix\"><\/div><div class=\"content-container\">\n<p>Dank kontinuierlicher Weiterbildung sind wir stets auf dem neuesten Stand und erm\u00f6glichen Ihnen die Anwendung neuartiger, innovativer Therapieverfahren f\u00fcr Ihre Haut und Ihr Haar.<\/p>\n<\/div><\/div><\/div><div class=\"fusion-clearfix\"><\/div><\/div><\/div><\/div><div class=\"fusion-clearfix\"><\/div><\/div><\/div><\/div><\/div><div class=\"fusion-fullwidth fullwidth-box fusion-builder-row-21 nonhundred-percent-fullwidth non-hundred-percent-height-scrolling fusion-equal-height-columns\" style=\"--awb-border-radius-top-left:0px;--awb-border-radius-top-right:0px;--awb-border-radius-bottom-right:0px;--awb-border-radius-bottom-left:0px;--awb-padding-top:75px;--awb-padding-bottom:40px;--awb-background-color:#3bafbf;--awb-flex-wrap:wrap;\" ><div class=\"fusion-builder-row fusion-row\"><div class=\"fusion-layout-column fusion_builder_column fusion-builder-column-65 fusion_builder_column_3_5 3_5 fusion-three-fifth fusion-column-first\" style=\"--awb-bg-size:cover;width:58.4%; margin-right: 4%;\"><div class=\"fusion-column-wrapper fusion-flex-column-wrapper-legacy\"><div class=\"fusion-text fusion-text-32\" style=\"--awb-text-transform:none;\"><h2 style=\"color: #ffffff; text-align: left; font-weight: 500;\">Vereinbaren Sie jetzt Ihren Termin<\/h2>\n<\/div><div class=\"fusion-text fusion-text-33\" style=\"--awb-text-transform:none;\"><h3 style=\"color: #fcfcfc; text-align: left;\">Vereinbaren Sie bequem per E-Mail einen Termin, wir rufen Sie zur\u00fcck.<\/h3>\n<\/div><div class=\"fusion-clearfix\"><\/div><\/div><\/div><div class=\"fusion-layout-column fusion_builder_column fusion-builder-column-66 fusion_builder_column_2_5 2_5 fusion-two-fifth fusion-column-last\" style=\"--awb-bg-size:cover;width:37.6%;\"><div class=\"fusion-column-wrapper fusion-flex-column-wrapper-legacy\"><div class=\"fusion-column-content-centered\"><div class=\"fusion-column-content\"><div class=\"fusion-align-block\"><a class=\"fusion-button button-flat button-xlarge button-custom fusion-button-default button-12 fusion-button-default-span fusion-button-default-type\" style=\"--button_accent_color:#ffffff;--button_accent_hover_color:#ffffff;--button_border_hover_color:#ffffff;--button_border_width-top:1px;--button_border_width-right:1px;--button_border_width-bottom:1px;--button_border_width-left:1px;--button_gradient_top_color:#a0ce4e;--button_gradient_bottom_color:#a0ce4e;--button_gradient_top_color_hover:#96c346;--button_gradient_bottom_color_hover:#96c346;width:calc(100%);\" target=\"_blank\" rel=\"noopener noreferrer\" href=\"https:\/\/ramirez-derma.com\/contacto\/\"><span class=\"fusion-button-text awb-button__text awb-button__text--default\">TERMIN VEREINBAREN <\/span><\/a><\/div><\/div><\/div><div class=\"fusion-clearfix\"><\/div><\/div><\/div><\/div><\/div><div class=\"fusion-fullwidth fullwidth-box fusion-builder-row-22 nonhundred-percent-fullwidth non-hundred-percent-height-scrolling\" style=\"--awb-background-position:left top;--awb-border-sizes-top:0px;--awb-border-sizes-bottom:0px;--awb-border-sizes-left:0px;--awb-border-sizes-right:0px;--awb-border-radius-top-left:0px;--awb-border-radius-top-right:0px;--awb-border-radius-bottom-right:0px;--awb-border-radius-bottom-left:0px;--awb-padding-top:100px;--awb-padding-bottom:45px;--awb-background-color:#fafafa;--awb-flex-wrap:wrap;\" ><div class=\"fusion-builder-row fusion-row\"><div class=\"fusion-layout-column fusion_builder_column fusion-builder-column-67 fusion_builder_column_1_6 1_6 fusion-one-sixth fusion-column-first fusion-no-small-visibility\" style=\"--awb-bg-size:cover;width:13.3333%; margin-right: 4%;\"><div class=\"fusion-column-wrapper fusion-flex-column-wrapper-legacy\"><div class=\"fusion-clearfix\"><\/div><\/div><\/div><div class=\"fusion-layout-column fusion_builder_column fusion-builder-column-68 fusion_builder_column_2_3 2_3 fusion-two-third\" style=\"--awb-bg-size:cover;--awb-margin-bottom:70px;width:65.3333%; margin-right: 4%;\"><div class=\"fusion-column-wrapper fusion-flex-column-wrapper-legacy\"><div class=\"fusion-image-element fusion-image-align-center in-legacy-container\" style=\"text-align:center;--awb-caption-title-font-family:var(--h2_typography-font-family);--awb-caption-title-font-weight:var(--h2_typography-font-weight);--awb-caption-title-font-style:var(--h2_typography-font-style);--awb-caption-title-size:var(--h2_typography-font-size);--awb-caption-title-transform:var(--h2_typography-text-transform);--awb-caption-title-line-height:var(--h2_typography-line-height);--awb-caption-title-letter-spacing:var(--h2_typography-letter-spacing);\"><div class=\"imageframe-align-center\"><span class=\" fusion-imageframe imageframe-none imageframe-5 hover-type-none\"><img decoding=\"async\" src=\"https:\/\/ramirez-derma.com\/wp-content\/uploads\/2015\/12\/icon-6.png\" alt class=\"img-responsive\"\/><\/span><\/div><\/div><div class=\"fusion-sep-clear\"><\/div><div class=\"fusion-separator fusion-full-width-sep\" style=\"margin-left: auto;margin-right: auto;margin-top:20px;width:100%;\"><\/div><div class=\"fusion-sep-clear\"><\/div><div class=\"fusion-text fusion-text-34\" style=\"--awb-text-transform:none;\"><h2 style=\"text-align: center;\">UNSER LEISTUNGSSPEKTRUM<\/h2>\n<\/div><div class=\"fusion-sep-clear\"><\/div><div class=\"fusion-separator\" style=\"margin-left: auto;margin-right: auto;margin-top:0px;margin-bottom:30px;width:100%;max-width:280px;\"><div class=\"fusion-separator-border sep-single sep-solid\" style=\"--awb-height:20px;--awb-amount:20px;--awb-sep-color:#d1d1d1;border-color:#d1d1d1;border-top-width:2px;\"><\/div><\/div><div class=\"fusion-sep-clear\"><\/div><div class=\"fusion-clearfix\"><\/div><\/div><\/div><div class=\"fusion-layout-column fusion_builder_column fusion-builder-column-69 fusion_builder_column_1_6 1_6 fusion-one-sixth fusion-column-last fusion-no-small-visibility\" style=\"--awb-bg-size:cover;width:13.3333%;\"><div class=\"fusion-column-wrapper fusion-flex-column-wrapper-legacy\"><div class=\"fusion-clearfix\"><\/div><\/div><\/div><div class=\"fusion-layout-column fusion_builder_column fusion-builder-column-70 fusion_builder_column_1_1 1_1 fusion-one-full fusion-column-first fusion-column-last\" style=\"--awb-bg-size:cover;--awb-margin-bottom:0px;\"><div class=\"fusion-column-wrapper fusion-flex-column-wrapper-legacy\"><div class=\"fusion-content-boxes content-boxes columns row fusion-columns-2 fusion-columns-total-2 fusion-content-boxes-11 content-boxes-timeline-horizontal content-left content-boxes-icon-on-top content-boxes-timeline-layout our-services content-boxes-row m-auto fusion-delayed-animation\" style=\"--awb-title-color:#3bafbf;--awb-margin-top:40px !important;--awb-margin-bottom:0px !important;--awb-hover-accent-color:#3bafbf;--awb-circle-hover-accent-color:#3bafbf;\" data-animation-delay=\"350\" data-animationOffset=\"top-into-view\"><div style=\"--awb-backgroundcolor:rgba(255,255,255,0);\" class=\"fusion-column content-box-column content-box-column content-box-column-1 col-lg-6 col-md-6 col-sm-6 fusion-content-box-hover content-box-column-first-in-row\"><div class=\"col content-box-wrapper content-wrapper link-area-link-icon content-icon-wrapper-yes icon-hover-animation-fade fusion-animated\" data-animationType=\"fadeIn\" data-animationDuration=\"0.25\" data-animationOffset=\"top-into-view\"><div class=\"heading heading-with-icon icon-left\"><div aria-hidden=\"true\" class=\"image\"><img decoding=\"async\" src=\"https:\/\/ramirez-derma.com\/wp-content\/uploads\/2017\/12\/dermatologia-clinica.jpg\" width=\"400\" height=\"400\" alt=\"\" \/><\/div><h2 class=\"content-box-heading\" style=\"--h2_typography-font-size:20px;line-height:25px;\">MUTTERMAL-CHECK <\/h2><\/div><div class=\"fusion-clearfix\"><\/div><div class=\"content-container\">\n<p>Wir f\u00fchren eine Muttermalkartierung durch, bei der jedes Muttermal mit einer nicht-invasiven Technik untersucht wird.\u00a0 Die Untersuchung dauert etwa 10 Minuten und erm\u00f6glicht es uns zu beurteilen, ob Muttermale vorhanden sind, die ernsthafte Probleme verursachen k\u00f6nnten.<\/p>\n<\/div><\/div><\/div><div style=\"--awb-backgroundcolor:rgba(255,255,255,0);\" class=\"fusion-column content-box-column content-box-column content-box-column-2 col-lg-6 col-md-6 col-sm-6 fusion-content-box-hover content-box-column-last content-box-column-last-in-row\"><div class=\"col content-box-wrapper content-wrapper link-area-link-icon content-icon-wrapper-yes icon-hover-animation-fade fusion-animated\" data-animationType=\"fadeIn\" data-animationDuration=\"0.25\" data-animationOffset=\"top-into-view\"><div class=\"heading heading-with-icon icon-left\"><div aria-hidden=\"true\" class=\"image\"><img decoding=\"async\" src=\"https:\/\/www.ramirez-derma.com\/wp-content\/uploads\/2021\/11\/alopecia-v2.jpg\" width=\"400\" height=\"266.67\" alt=\"\" \/><\/div><h2 class=\"content-box-heading\" style=\"--h2_typography-font-size:20px;line-height:25px;\">HAARVERLUST<\/h2><\/div><div class=\"fusion-clearfix\"><\/div><div class=\"content-container\">\n<p class=\"Text\"><span lang=\"DE\">Wenn Sie feststellen, dass Sie nach und nach Haare verlieren, sollten Sie nicht locker lassen. Wir werden Ihren Fall untersuchen, um die beste Behandlung f\u00fcr Ihre Alopezie zu empfehlen.<\/span><\/p>\n<\/div><\/div><\/div><div class=\"fusion-clearfix\"><\/div><\/div><div class=\"fusion-clearfix\"><\/div><\/div><\/div><div class=\"fusion-layout-column fusion_builder_column fusion-builder-column-71 fusion_builder_column_1_6 1_6 fusion-one-sixth fusion-column-first fusion-no-small-visibility\" style=\"--awb-bg-size:cover;width:13.3333%; margin-right: 4%;\"><div class=\"fusion-column-wrapper fusion-flex-column-wrapper-legacy\"><div class=\"fusion-clearfix\"><\/div><\/div><\/div><div class=\"fusion-layout-column fusion_builder_column fusion-builder-column-72 fusion_builder_column_2_3 2_3 fusion-two-third\" style=\"--awb-bg-size:cover;--awb-margin-bottom:70px;width:65.3333%; margin-right: 4%;\"><div class=\"fusion-column-wrapper fusion-flex-column-wrapper-legacy\"><div class=\"fusion-image-element fusion-image-align-center in-legacy-container\" style=\"text-align:center;--awb-caption-title-font-family:var(--h2_typography-font-family);--awb-caption-title-font-weight:var(--h2_typography-font-weight);--awb-caption-title-font-style:var(--h2_typography-font-style);--awb-caption-title-size:var(--h2_typography-font-size);--awb-caption-title-transform:var(--h2_typography-text-transform);--awb-caption-title-line-height:var(--h2_typography-line-height);--awb-caption-title-letter-spacing:var(--h2_typography-letter-spacing);\"><div class=\"imageframe-align-center\"><span class=\" fusion-imageframe imageframe-none imageframe-6 hover-type-none\"><img decoding=\"async\" src=\"https:\/\/ramirez-derma.com\/wp-content\/uploads\/2015\/12\/icon-6.png\" alt class=\"img-responsive\"\/><\/span><\/div><\/div><div class=\"fusion-sep-clear\"><\/div><div class=\"fusion-separator fusion-full-width-sep\" style=\"margin-left: auto;margin-right: auto;margin-top:20px;width:100%;\"><\/div><div class=\"fusion-sep-clear\"><\/div><div class=\"fusion-text fusion-text-35\" style=\"--awb-text-transform:none;\"><h2 style=\"text-align: center;\">MEHR DIENSTLEISTUNGEN<\/h2>\n<\/div><div class=\"fusion-sep-clear\"><\/div><div class=\"fusion-separator\" style=\"margin-left: auto;margin-right: auto;margin-top:0px;margin-bottom:30px;width:100%;max-width:280px;\"><div class=\"fusion-separator-border sep-single sep-solid\" style=\"--awb-height:20px;--awb-amount:20px;--awb-sep-color:#d1d1d1;border-color:#d1d1d1;border-top-width:2px;\"><\/div><\/div><div class=\"fusion-sep-clear\"><\/div><div class=\"fusion-text fusion-text-36\" style=\"--awb-text-transform:none;\"><h3 style=\"text-align: center;\">Wir bieten ein breites Spektrum an dermatologischen und \u00e4sthetischen Dienstleistungen, mit den wirksamsten verf\u00fcgbaren Therapie- und Behandlungsm\u00f6glichkeiten f\u00fcr eine schnelle Genesung Ihrer Haut. Wir sind ausgewiesene Experten f\u00fcr Hautpflege<\/h3>\n<\/div><div class=\"fusion-clearfix\"><\/div><\/div><\/div><div class=\"fusion-layout-column fusion_builder_column fusion-builder-column-73 fusion_builder_column_1_6 1_6 fusion-one-sixth fusion-column-last fusion-no-small-visibility\" style=\"--awb-bg-size:cover;width:13.3333%;\"><div class=\"fusion-column-wrapper fusion-flex-column-wrapper-legacy\"><div class=\"fusion-clearfix\"><\/div><\/div><\/div><div class=\"fusion-layout-column fusion_builder_column fusion-builder-column-74 fusion_builder_column_1_1 1_1 fusion-one-full fusion-column-first fusion-column-last\" style=\"--awb-bg-size:cover;--awb-margin-bottom:0px;\"><div class=\"fusion-column-wrapper fusion-flex-column-wrapper-legacy\"><div class=\"fusion-content-boxes content-boxes columns row fusion-columns-3 fusion-columns-total-3 fusion-content-boxes-12 content-boxes-timeline-horizontal content-left content-boxes-icon-on-top content-boxes-timeline-layout our-services content-boxes-row m-auto fusion-delayed-animation\" style=\"--awb-title-color:#3bafbf;--awb-margin-top:40px !important;--awb-margin-bottom:0px !important;--awb-hover-accent-color:#3bafbf;--awb-circle-hover-accent-color:#3bafbf;\" data-animation-delay=\"350\" data-animationOffset=\"top-into-view\"><div style=\"--awb-backgroundcolor:rgba(255,255,255,0);\" class=\"fusion-column content-box-column content-box-column content-box-column-1 col-lg-4 col-md-4 col-sm-4 fusion-content-box-hover content-box-column-first-in-row\"><div class=\"col content-box-wrapper content-wrapper link-area-link-icon content-icon-wrapper-yes icon-hover-animation-fade fusion-animated\" data-animationType=\"fadeIn\" data-animationDuration=\"0.25\" data-animationOffset=\"top-into-view\"><div class=\"heading heading-with-icon icon-left\"><div aria-hidden=\"true\" class=\"image\"><img decoding=\"async\" src=\"https:\/\/ramirez-derma.com\/wp-content\/uploads\/2017\/12\/dermatologia-clinica.jpg\" width=\"400\" height=\"400\" alt=\"\" \/><\/div><h2 class=\"content-box-heading\" style=\"--h2_typography-font-size:20px;line-height:25px;\">KLASSISCHE DERMATOLOGIE <\/h2><\/div><div class=\"fusion-clearfix\"><\/div><div class=\"content-container\">\n<p>Diagnostik und Behandlung aller bekannten Hautkrankheiten (Akne, Mykose\/Pilz, Nagelkrankheiten\u2026).<\/p>\n<\/div><\/div><\/div><div style=\"--awb-backgroundcolor:rgba(255,255,255,0);\" class=\"fusion-column content-box-column content-box-column content-box-column-2 col-lg-4 col-md-4 col-sm-4 fusion-content-box-hover \"><div class=\"col content-box-wrapper content-wrapper link-area-link-icon content-icon-wrapper-yes icon-hover-animation-fade fusion-animated\" data-animationType=\"fadeIn\" data-animationDuration=\"0.25\" data-animationOffset=\"top-into-view\"><div class=\"heading heading-with-icon icon-left\"><div aria-hidden=\"true\" class=\"image\"><img decoding=\"async\" src=\"https:\/\/ramirez-derma.com\/wp-content\/uploads\/2017\/12\/preventiva.jpg\" width=\"400\" height=\"400\" alt=\"\" \/><\/div><h2 class=\"content-box-heading\" style=\"--h2_typography-font-size:20px;line-height:25px;\">PR\u00c4VENTIVE DERMATOLOGIE <\/h2><\/div><div class=\"fusion-clearfix\"><\/div><div class=\"content-container\">\n<p>Fr\u00fchzeitige Erkennung von Hautver\u00e4nderungen, Hautkrebsvorsorge, sowie Vorbeugung von Haarausfall.<\/p>\n<\/div><\/div><\/div><div style=\"--awb-backgroundcolor:rgba(255,255,255,0);\" class=\"fusion-column content-box-column content-box-column content-box-column-3 col-lg-4 col-md-4 col-sm-4 fusion-content-box-hover content-box-column-last content-box-column-last-in-row\"><div class=\"col content-box-wrapper content-wrapper link-area-link-icon content-icon-wrapper-yes icon-hover-animation-fade fusion-animated\" data-animationType=\"fadeIn\" data-animationDuration=\"0.25\" data-animationOffset=\"top-into-view\"><div class=\"heading heading-with-icon icon-left\"><div aria-hidden=\"true\" class=\"image\"><img decoding=\"async\" src=\"https:\/\/ramirez-derma.com\/wp-content\/uploads\/2017\/12\/quirurgica.jpg\" width=\"400\" height=\"400\" alt=\"\" \/><\/div><h2 class=\"content-box-heading\" style=\"--h2_typography-font-size:20px;line-height:25px;\">CHIRURGISCHE DERMATOLOGIE <\/h2><\/div><div class=\"fusion-clearfix\"><\/div><div class=\"content-container\">\n<p>Wir f\u00fchren minimalinvasive und komplexe hautchirurgische Eingriffe durch.<\/p>\n<\/div><\/div><\/div><div class=\"fusion-clearfix\"><\/div><\/div><div class=\"fusion-clearfix\"><\/div><\/div><\/div><div class=\"fusion-layout-column fusion_builder_column fusion-builder-column-75 fusion_builder_column_1_1 1_1 fusion-one-full fusion-column-first fusion-column-last\" style=\"--awb-bg-size:cover;--awb-margin-bottom:0px;\"><div class=\"fusion-column-wrapper fusion-flex-column-wrapper-legacy\"><div class=\"fusion-content-boxes content-boxes columns row fusion-columns-3 fusion-columns-total-3 fusion-content-boxes-13 content-boxes-timeline-horizontal content-left content-boxes-icon-on-top content-boxes-timeline-layout our-services content-boxes-row m-auto fusion-delayed-animation\" style=\"--awb-title-color:#3bafbf;--awb-margin-top:40px !important;--awb-hover-accent-color:#3bafbf;--awb-circle-hover-accent-color:#3bafbf;\" data-animation-delay=\"350\" data-animationOffset=\"top-into-view\"><div style=\"--awb-backgroundcolor:rgba(255,255,255,0);\" class=\"fusion-column content-box-column content-box-column content-box-column-1 col-lg-4 col-md-4 col-sm-4 fusion-content-box-hover content-box-column-first-in-row\"><div class=\"col content-box-wrapper content-wrapper link-area-link-icon content-icon-wrapper-yes icon-hover-animation-fade fusion-animated\" data-animationType=\"fadeIn\" data-animationDuration=\"0.25\" data-animationOffset=\"top-into-view\"><div class=\"heading heading-with-icon icon-left\"><div aria-hidden=\"true\" class=\"image\"><img decoding=\"async\" src=\"https:\/\/ramirez-derma.com\/wp-content\/uploads\/2017\/12\/estetica.jpg\" width=\"400\" height=\"400\" alt=\"\" \/><\/div><h2 class=\"content-box-heading\" style=\"--h2_typography-font-size:20px;line-height:25px;\">HAUT-\u00c4STHETIK <\/h2><\/div><div class=\"fusion-clearfix\"><\/div><div class=\"content-container\">\n<p>\u00c4sthetische Behandlungen f\u00fcr Ihre Haut: Gesichtsverj\u00fcngung, Behandlung von Hyperhidrose, usw.<\/p>\n<\/div><\/div><\/div><div style=\"--awb-backgroundcolor:rgba(255,255,255,0);\" class=\"fusion-column content-box-column content-box-column content-box-column-2 col-lg-4 col-md-4 col-sm-4 fusion-content-box-hover \"><div class=\"col content-box-wrapper content-wrapper link-area-link-icon content-icon-wrapper-yes icon-hover-animation-fade fusion-animated\" data-animationType=\"fadeIn\" data-animationDuration=\"0.25\" data-animationOffset=\"top-into-view\"><div class=\"heading heading-with-icon icon-left\"><div aria-hidden=\"true\" class=\"image\"><img decoding=\"async\" src=\"https:\/\/ramirez-derma.com\/wp-content\/uploads\/2017\/12\/estetica-fotodepilacion.jpg\" width=\"400\" height=\"400\" alt=\"\" \/><\/div><h2 class=\"content-box-heading\" style=\"--h2_typography-font-size:20px;line-height:25px;\">BEAUTY CARE <\/h2><\/div><div class=\"fusion-clearfix\"><\/div><div class=\"content-container\">\n<p>Photoepilation mit Laser \/ gepulstem Licht, Mesotherapie, Entfernung von Gef\u00e4\u00dfl\u00e4sionen usw.<\/p>\n<\/div><\/div><\/div><div style=\"--awb-backgroundcolor:rgba(255,255,255,0);\" class=\"fusion-column content-box-column content-box-column content-box-column-3 col-lg-4 col-md-4 col-sm-4 fusion-content-box-hover content-box-column-last content-box-column-last-in-row\"><div class=\"col content-box-wrapper content-wrapper link-area-link-icon content-icon-wrapper-yes icon-hover-animation-fade fusion-animated\" data-animationType=\"fadeIn\" data-animationDuration=\"0.25\" data-animationOffset=\"top-into-view\"><div class=\"heading heading-with-icon icon-left\"><div aria-hidden=\"true\" class=\"image\"><img decoding=\"async\" src=\"https:\/\/ramirez-derma.com\/wp-content\/uploads\/2017\/12\/consejo.jpg\" width=\"400\" height=\"400\" alt=\"\" \/><\/div><h2 class=\"content-box-heading\" style=\"--h2_typography-font-size:20px;line-height:25px;\">MEHRSPRACHIGE MEDIZINISCHE BERATUNG <\/h2><\/div><div class=\"fusion-clearfix\"><\/div><div class=\"content-container\">\n<p>Wir beraten Sie gerne in deutscher, englischer oder spanischer Sprache.<\/p>\n<\/div><\/div><\/div><div class=\"fusion-clearfix\"><\/div><\/div><div class=\"fusion-clearfix\"><\/div><\/div><\/div><\/div><\/div><div class=\"fusion-fullwidth fullwidth-box fusion-builder-row-23 nonhundred-percent-fullwidth non-hundred-percent-height-scrolling\" style=\"--awb-background-position:left top;--awb-border-sizes-top:0px;--awb-border-sizes-bottom:0px;--awb-border-sizes-left:0px;--awb-border-sizes-right:0px;--awb-border-radius-top-left:0px;--awb-border-radius-top-right:0px;--awb-border-radius-bottom-right:0px;--awb-border-radius-bottom-left:0px;--awb-padding-top:100px;--awb-padding-bottom:0px;--awb-flex-wrap:wrap;\" ><div class=\"fusion-builder-row fusion-row\"><div class=\"fusion-layout-column fusion_builder_column fusion-builder-column-76 fusion_builder_column_1_6 1_6 fusion-one-sixth fusion-column-first fusion-no-small-visibility\" style=\"--awb-bg-size:cover;width:13.3333%; margin-right: 4%;\"><div class=\"fusion-column-wrapper fusion-flex-column-wrapper-legacy\"><div class=\"fusion-clearfix\"><\/div><\/div><\/div><div class=\"fusion-layout-column fusion_builder_column fusion-builder-column-77 fusion_builder_column_2_3 2_3 fusion-two-third\" style=\"--awb-bg-size:cover;--awb-margin-bottom:70px;width:65.3333%; margin-right: 4%;\"><div class=\"fusion-column-wrapper fusion-flex-column-wrapper-legacy\"><div class=\"fusion-text fusion-text-37\" style=\"--awb-text-transform:none;\"><h2 style=\"text-align: center;\">HIER FINDEN SIE UNS<\/h2>\n<\/div><div class=\"fusion-sep-clear\"><\/div><div class=\"fusion-separator\" style=\"margin-left: auto;margin-right: auto;margin-top:0px;margin-bottom:30px;width:100%;max-width:280px;\"><div class=\"fusion-separator-border sep-single sep-solid\" style=\"--awb-height:20px;--awb-amount:20px;--awb-sep-color:#d1d1d1;border-color:#d1d1d1;border-top-width:2px;\"><\/div><\/div><div class=\"fusion-sep-clear\"><\/div><div class=\"fusion-clearfix\"><\/div><\/div><\/div><div class=\"fusion-layout-column fusion_builder_column fusion-builder-column-78 fusion_builder_column_1_6 1_6 fusion-one-sixth fusion-column-last fusion-no-small-visibility\" style=\"--awb-bg-size:cover;width:13.3333%;\"><div class=\"fusion-column-wrapper fusion-flex-column-wrapper-legacy\"><div class=\"fusion-clearfix\"><\/div><\/div><\/div><div class=\"fusion-layout-column fusion_builder_column fusion-builder-column-79 fusion_builder_column_1_6 1_6 fusion-one-sixth fusion-column-first fusion-no-small-visibility\" style=\"--awb-bg-size:cover;width:13.3333%; margin-right: 4%;\"><div class=\"fusion-column-wrapper fusion-flex-column-wrapper-legacy\"><div class=\"fusion-clearfix\"><\/div><\/div><\/div><div class=\"fusion-layout-column fusion_builder_column fusion-builder-column-80 fusion_builder_column_2_3 2_3 fusion-two-third\" style=\"--awb-bg-size:cover;--awb-margin-bottom:70px;width:65.3333%; margin-right: 4%;\"><div class=\"fusion-column-wrapper fusion-flex-column-wrapper-legacy\"><div class=\"fusion-text fusion-text-38\" style=\"--awb-text-transform:none;\"><div class=\"fusion-fa-align-left\"><i class=\"fb-icon-element-5 fb-icon-element fontawesome-icon fa fa-home circle-yes\" style=\"--awb-circlebordersize:1px;--awb-font-size:19.36px;--awb-width:38.72px;--awb-height:38.72px;--awb-line-height:36.72px;--awb-margin-right:11px;\"><\/i><\/div>\n<h3 class=\"fixed-line fusion-responsive-typography-calculated\" data-fontsize=\"22\" data-lineheight=\"48.4px\">Centro M\u00e9dico Mediten Clinics<\/h3>\n<div class=\"fusion-fa-align-left\"><i class=\"fb-icon-element-6 fb-icon-element fontawesome-icon fa fa-map-marker circle-yes\" style=\"--awb-circlebordersize:1px;--awb-font-size:19.36px;--awb-width:38.72px;--awb-height:38.72px;--awb-line-height:36.72px;--awb-margin-right:11px;\"><\/i><\/div>\n<h3 class=\"fixed-line fusion-responsive-typography-calculated\" data-fontsize=\"22\" data-lineheight=\"48.4px\">Av. Juan Carlos I, 38, 38650 Los Cristianos, Santa Cruz de Tenerife ( junto al Arona Gran Hotel)<br \/>\nrife<\/h3>\n<h3 class=\"fixed-line\" style=\"margin-bottom: 30px !important; text-align: left;\"><\/h3>\n<\/div>\t\t\t\t\t<script type=\"text\/javascript\">\n\t\t\t\t\t\tvar map_fusion_map_69edd1daa1c84;\n\t\t\t\t\t\tvar markers = [];\n\t\t\t\t\t\tvar counter = 0;\n\t\t\t\t\t\t\t\t\t\t\t\tfunction fusion_run_map_fusion_map_69edd1daa1c84() {\n\t\t\t\t\t\t\tjQuery ('#fusion_map_69edd1daa1c84' ).fusion_maps( {\n\t\t\t\t\t\t\t\taddresses: [{\"address\":\"Av. Juan Carlos I, 38, 38650 Los Cristianos, Santa Cruz de Tenerife ( junto al Arona Gran Hotel)<br \\\/>\\n\",\"infobox_content\":\"Av. Juan Carlos I, 38, 38650 Los Cristianos, Santa Cruz de Tenerife ( junto al Arona Gran Hotel)<br \\\/>\\\\n\",\"coordinates\":false,\"cache\":true,\"latitude\":\"28.0463131\",\"longitude\":\"-16.7100115\"}],\n\t\t\t\t\t\t\t\tanimations: false,\n\t\t\t\t\t\t\t\tinfobox_background_color: '',\n\t\t\t\t\t\t\t\tinfobox_styling: 'default',\n\t\t\t\t\t\t\t\tinfobox_text_color: '',\n\t\t\t\t\t\t\t\tmap_style: 'default',\n\t\t\t\t\t\t\t\tmap_type: 'roadmap',\n\t\t\t\t\t\t\t\tmarker_icon: '',\n\t\t\t\t\t\t\t\toverlay_color: '',\n\t\t\t\t\t\t\t\toverlay_color_hsl: {\"hue\":0,\"sat\":0,\"lum\":100},\n\t\t\t\t\t\t\t\tshow_address: true,\n\t\t\t\t\t\t\t\tscale_control: true,\n\t\t\t\t\t\t\t\tscrollwheel: false,\n\t\t\t\t\t\t\t\tzoom: 14,\n\t\t\t\t\t\t\t\tzoom_control: true,\n\t\t\t\t\t\t\t} );\n\t\t\t\t\t\t}\n\n\t\t\t\t\t\tgoogle.maps.event.addDomListener(window, 'load', fusion_run_map_fusion_map_69edd1daa1c84);\n\t\t\t\t\t<\/script>\n\t\t\t\t\t<div class=\"shortcode-map fusion-google-map fusion-maps-js-type\" style=\"--awb-height:400px;\" id=\"fusion_map_69edd1daa1c84\"><\/div><div class=\"fusion-clearfix\"><\/div><\/div><\/div><div class=\"fusion-layout-column fusion_builder_column fusion-builder-column-81 fusion_builder_column_1_6 1_6 fusion-one-sixth fusion-column-last fusion-no-small-visibility\" style=\"--awb-bg-size:cover;width:13.3333%;\"><div class=\"fusion-column-wrapper fusion-flex-column-wrapper-legacy\"><div class=\"fusion-clearfix\"><\/div><\/div><\/div><\/div><\/div><div class=\"fusion-fullwidth fullwidth-box fusion-builder-row-24 fusion-flex-container nonhundred-percent-fullwidth non-hundred-percent-height-scrolling\" style=\"--awb-border-radius-top-left:0px;--awb-border-radius-top-right:0px;--awb-border-radius-bottom-right:0px;--awb-border-radius-bottom-left:0px;--awb-flex-wrap:wrap;\" ><div class=\"fusion-builder-row fusion-row fusion-flex-align-items-flex-start fusion-flex-content-wrap\" style=\"max-width:1216.8px;margin-left: calc(-4% \/ 2 );margin-right: calc(-4% \/ 2 );\"><div class=\"fusion-layout-column fusion_builder_column fusion-builder-column-82 fusion_builder_column_1_1 1_1 fusion-flex-column\" style=\"--awb-bg-size:cover;--awb-width-large:100%;--awb-margin-top-large:0px;--awb-spacing-right-large:1.92%;--awb-margin-bottom-large:30px;--awb-spacing-left-large:1.92%;--awb-width-medium:100%;--awb-order-medium:0;--awb-spacing-right-medium:1.92%;--awb-spacing-left-medium:1.92%;--awb-width-small:100%;--awb-order-small:0;--awb-spacing-right-small:1.92%;--awb-spacing-left-small:1.92%;\"><div class=\"fusion-column-wrapper fusion-column-has-shadow fusion-flex-justify-content-flex-start fusion-content-layout-column\"><img decoding=\"async\" class=\"size-full wp-image-917 aligncenter\" src=\"https:\/\/ramirez-derma.com\/wp-content\/uploads\/2017\/10\/logoDark.png\" alt=\"\" width=\"286\" height=\"50\" \/>\n<blockquote class=\"footer-text\">Alle in unserer Praxis angewandten Behandlungen und Medikamente haben in zahlreichen Studien ihre Sicherheit und klinische Wirksamkeit nachgewiesen sind von der spanischen Agentur f\u00fcr Arzneimittel und Gesundheitsprodukte zugelassen und entsprechen dem internationalem Behandlungsstandard.<\/blockquote><\/div><\/div><\/div><\/div><div class=\"fusion-fullwidth fullwidth-box fusion-builder-row-25 fusion-flex-container nonhundred-percent-fullwidth non-hundred-percent-height-scrolling\" style=\"--awb-border-radius-top-left:0px;--awb-border-radius-top-right:0px;--awb-border-radius-bottom-right:0px;--awb-border-radius-bottom-left:0px;--awb-flex-wrap:wrap;\" ><div class=\"fusion-builder-row fusion-row fusion-flex-align-items-flex-start fusion-flex-content-wrap\" style=\"max-width:1216.8px;margin-left: calc(-4% \/ 2 );margin-right: calc(-4% \/ 2 );\"><div class=\"fusion-layout-column fusion_builder_column fusion-builder-column-83 fusion_builder_column_1_1 1_1 fusion-flex-column\" style=\"--awb-bg-size:cover;--awb-width-large:100%;--awb-margin-top-large:0px;--awb-spacing-right-large:1.92%;--awb-margin-bottom-large:30px;--awb-spacing-left-large:1.92%;--awb-width-medium:100%;--awb-order-medium:0;--awb-spacing-right-medium:1.92%;--awb-spacing-left-medium:1.92%;--awb-width-small:100%;--awb-order-small:0;--awb-spacing-right-small:1.92%;--awb-spacing-left-small:1.92%;\"><div class=\"fusion-column-wrapper fusion-column-has-shadow fusion-flex-justify-content-flex-start fusion-content-layout-column\"><div class=\"fusion-image-carousel fusion-image-carousel-fixed fusion-image-carousel-3\"><div class=\"awb-carousel awb-swiper awb-swiper-carousel awb-carousel--carousel awb-swiper-dots-position-bottom\" data-layout=\"carousel\" data-autoplay=\"no\" data-autoplayspeed=\"2500\" data-autoplaypause=\"no\" data-columns=\"5\" data-columnsmedium=\"1\" data-columnssmall=\"1\" data-itemmargin=\"13\" data-itemwidth=\"180\" data-touchscroll=\"no\" data-freemode=\"no\" data-imagesize=\"fixed\" data-scrollitems=\"0\" data-centeredslides=\"no\" data-rotationangle=\"50\" data-depth=\"100\" data-speed=\"500\" data-shadow=\"no\" data-pagination=\"bullets\"><div class=\"swiper-wrapper awb-image-carousel-wrapper fusion-flex-align-items-center\"><div class=\"swiper-slide\"><div class=\"fusion-carousel-item-wrapper\"><div class=\"fusion-image-wrapper hover-type-none\"><img decoding=\"async\" width=\"300\" height=\"150\" src=\"https:\/\/www.ramirez-derma.com\/wp-content\/uploads\/2021\/12\/6033d873f82f810004782c8d.png\" class=\"attachment-blog-medium size-blog-medium\" alt=\"\" srcset=\"https:\/\/www.ramirez-derma.com\/wp-content\/uploads\/2021\/12\/6033d873f82f810004782c8d-200x100.png 200w, https:\/\/www.ramirez-derma.com\/wp-content\/uploads\/2021\/12\/6033d873f82f810004782c8d.png 300w\" sizes=\"(min-width: 2200px) 100vw, (min-width: 784px) 381px, (min-width: 712px) 572px, (min-width: 640px) 712px, \" \/><\/div><\/div><\/div><div class=\"swiper-slide\"><div class=\"fusion-carousel-item-wrapper\"><div class=\"fusion-image-wrapper hover-type-none\"><img decoding=\"async\" width=\"300\" height=\"130\" src=\"https:\/\/www.ramirez-derma.com\/wp-content\/uploads\/2021\/12\/whatclinic.png\" class=\"attachment-blog-medium size-blog-medium\" alt=\"\" srcset=\"https:\/\/www.ramirez-derma.com\/wp-content\/uploads\/2021\/12\/whatclinic-200x87.png 200w, https:\/\/www.ramirez-derma.com\/wp-content\/uploads\/2021\/12\/whatclinic.png 300w\" sizes=\"(min-width: 2200px) 100vw, (min-width: 784px) 381px, (min-width: 712px) 572px, (min-width: 640px) 712px, \" \/><\/div><\/div><\/div><div class=\"swiper-slide\"><div class=\"fusion-carousel-item-wrapper\"><div class=\"fusion-image-wrapper hover-type-none\"><img decoding=\"async\" width=\"320\" height=\"202\" src=\"https:\/\/www.ramirez-derma.com\/wp-content\/uploads\/2021\/12\/logo-topdoctors-320x202.png\" class=\"attachment-blog-medium size-blog-medium\" alt=\"\" \/><\/div><\/div><\/div><\/div><div class=\"awb-swiper-button awb-swiper-button-prev\"><i class=\"awb-icon-angle-left\" aria-hidden=\"true\"><\/i><\/div><div class=\"awb-swiper-button awb-swiper-button-next\"><i class=\"awb-icon-angle-right\" aria-hidden=\"true\"><\/i><\/div><\/div><\/div><\/div><\/div><\/div><\/div><\/p>","protected":false},"excerpt":{"rendered":"","protected":false},"author":1,"featured_media":0,"parent":0,"menu_order":0,"comment_status":"closed","ping_status":"closed","template":"100-width.php","meta":{"_monsterinsights_skip_tracking":false,"_monsterinsights_sitenote_active":false,"_monsterinsights_sitenote_note":"","_monsterinsights_sitenote_category":0,"footnotes":""},"class_list":["post-1376","page","type-page","status-publish","hentry"],"yoast_head":"<!-- This site is optimized with the Yoast SEO plugin v26.1.1 - https:\/\/yoast.com\/wordpress\/plugins\/seo\/ -->\n<title><\/title>\n<meta name=\"description\" content=\"{:es}Dermat\u00f3logo Tenerife Sur. Obt\u00e9n tu cita previa sin esperas. Pioneros en nuevas terapias y tratamientos avanzados en el cuidado de tu piel. Tratamiento exclusivo y personalizado. \u00a1La salud de tu piel est\u00e1 a un solo clic de distancia!{:}\" \/>\n<meta name=\"robots\" content=\"index, follow, max-snippet:-1, max-image-preview:large, max-video-preview:-1\" \/>\n<link rel=\"canonical\" href=\"https:\/\/www.ramirez-derma.com\/\" \/>\n<meta property=\"og:locale\" content=\"de_DE\" \/>\n<meta property=\"og:type\" content=\"article\" \/>\n<meta property=\"og:title\" content=\"[:es]Dermat\u00f3logo Tenerife Sur | Cita previa inmediata | Ram\u00edrez Derma[:]\" \/>\n<meta property=\"og:description\" content=\"{:es}Dermat\u00f3logo Tenerife Sur. Obt\u00e9n tu cita previa sin esperas. Pioneros en nuevas terapias y tratamientos avanzados en el cuidado de tu piel. Tratamiento exclusivo y personalizado. \u00a1La salud de tu piel est\u00e1 a un solo clic de distancia!{:}\" \/>\n<meta property=\"og:url\" content=\"https:\/\/www.ramirez-derma.com\/\" \/>\n<meta property=\"og:site_name\" content=\"Ram\u00edrez Dermat\u00f3logos\" \/>\n<meta property=\"article:modified_time\" content=\"2025-10-10T20:28:27+00:00\" \/>\n<meta property=\"og:image\" content=\"https:\/\/ramirez-derma.com\/wp-content\/uploads\/2015\/12\/icon-6.png\" \/>\n<meta name=\"twitter:card\" content=\"summary_large_image\" \/>\n<meta name=\"twitter:label1\" content=\"Gesch\u00e4tzte Lesezeit\" \/>\n\t<meta name=\"twitter:data1\" content=\"6\u00a0Minuten\" \/>\n<script type=\"application\/ld+json\" class=\"yoast-schema-graph\">{\"@context\":\"https:\/\/schema.org\",\"@graph\":[{\"@type\":\"WebPage\",\"@id\":\"https:\/\/www.ramirez-derma.com\/\",\"url\":\"https:\/\/www.ramirez-derma.com\/\",\"name\":\"[:es]Dermat\u00f3logo Tenerife Sur | Cita previa inmediata | Ram\u00edrez Derma[:]\",\"isPartOf\":{\"@id\":\"https:\/\/www.ramirez-derma.com\/#website\"},\"primaryImageOfPage\":{\"@id\":\"https:\/\/www.ramirez-derma.com\/#primaryimage\"},\"image\":{\"@id\":\"https:\/\/www.ramirez-derma.com\/#primaryimage\"},\"thumbnailUrl\":\"https:\/\/ramirez-derma.com\/wp-content\/uploads\/2015\/12\/icon-6.png\",\"datePublished\":\"2015-12-14T04:09:47+00:00\",\"dateModified\":\"2025-10-10T20:28:27+00:00\",\"description\":\"{:es}Dermat\u00f3logo Tenerife Sur. Obt\u00e9n tu cita previa sin esperas. Pioneros en nuevas terapias y tratamientos avanzados en el cuidado de tu piel. Tratamiento exclusivo y personalizado. \u00a1La salud de tu piel est\u00e1 a un solo clic de distancia!{:}\",\"breadcrumb\":{\"@id\":\"https:\/\/www.ramirez-derma.com\/#breadcrumb\"},\"inLanguage\":\"de\",\"potentialAction\":[{\"@type\":\"ReadAction\",\"target\":[\"https:\/\/www.ramirez-derma.com\/\"]}]},{\"@type\":\"ImageObject\",\"inLanguage\":\"de\",\"@id\":\"https:\/\/www.ramirez-derma.com\/#primaryimage\",\"url\":\"https:\/\/ramirez-derma.com\/wp-content\/uploads\/2015\/12\/icon-6.png\",\"contentUrl\":\"https:\/\/ramirez-derma.com\/wp-content\/uploads\/2015\/12\/icon-6.png\"},{\"@type\":\"BreadcrumbList\",\"@id\":\"https:\/\/www.ramirez-derma.com\/#breadcrumb\",\"itemListElement\":[{\"@type\":\"ListItem\",\"position\":1,\"name\":\"Portada\",\"item\":\"https:\/\/www.ramirez-derma.com\/\"},{\"@type\":\"ListItem\",\"position\":2,\"name\":\"Ramirez Derma &#8211; Dermat\u00f3logo Tenerife Sur\"}]},{\"@type\":\"WebSite\",\"@id\":\"https:\/\/www.ramirez-derma.com\/#website\",\"url\":\"https:\/\/www.ramirez-derma.com\/\",\"name\":\"Ram\u00edrez Dermat\u00f3logos\",\"description\":\"(Espa\u00f1ol) Dermat\u00f3logo Tenerife Sur. Cita previa inmediata.\",\"potentialAction\":[{\"@type\":\"SearchAction\",\"target\":{\"@type\":\"EntryPoint\",\"urlTemplate\":\"https:\/\/www.ramirez-derma.com\/?s={search_term_string}\"},\"query-input\":{\"@type\":\"PropertyValueSpecification\",\"valueRequired\":true,\"valueName\":\"search_term_string\"}}],\"inLanguage\":\"de\"}]}<\/script>\n<!-- \/ Yoast SEO plugin. -->","yoast_head_json":{"title":"[:es]Dermat\u00f3logo Tenerife Sur | Cita previa inmediata | Ram\u00edrez Derma[:]","description":"{:es}Dermat\u00f3logo Tenerife Sur. Obt\u00e9n tu cita previa sin esperas. Pioneros en nuevas terapias y tratamientos avanzados en el cuidado de tu piel. Tratamiento exclusivo y personalizado. \u00a1La salud de tu piel est\u00e1 a un solo clic de distancia!{:}","robots":{"index":"index","follow":"follow","max-snippet":"max-snippet:-1","max-image-preview":"max-image-preview:large","max-video-preview":"max-video-preview:-1"},"canonical":"https:\/\/www.ramirez-derma.com\/","og_locale":"de_DE","og_type":"article","og_title":"[:es]Dermat\u00f3logo Tenerife Sur | Cita previa inmediata | Ram\u00edrez Derma[:]","og_description":"{:es}Dermat\u00f3logo Tenerife Sur. Obt\u00e9n tu cita previa sin esperas. Pioneros en nuevas terapias y tratamientos avanzados en el cuidado de tu piel. Tratamiento exclusivo y personalizado. \u00a1La salud de tu piel est\u00e1 a un solo clic de distancia!{:}","og_url":"https:\/\/www.ramirez-derma.com\/","og_site_name":"Ram\u00edrez Dermat\u00f3logos","article_modified_time":"2025-10-10T20:28:27+00:00","og_image":[{"url":"https:\/\/ramirez-derma.com\/wp-content\/uploads\/2015\/12\/icon-6.png","type":"","width":"","height":""}],"twitter_card":"summary_large_image","twitter_misc":{"Gesch\u00e4tzte Lesezeit":"6\u00a0Minuten"},"schema":{"@context":"https:\/\/schema.org","@graph":[{"@type":"WebPage","@id":"https:\/\/www.ramirez-derma.com\/","url":"https:\/\/www.ramirez-derma.com\/","name":"[:es]Dermat\u00f3logo Tenerife Sur | Cita previa inmediata | Ram\u00edrez Derma[:]","isPartOf":{"@id":"https:\/\/www.ramirez-derma.com\/#website"},"primaryImageOfPage":{"@id":"https:\/\/www.ramirez-derma.com\/#primaryimage"},"image":{"@id":"https:\/\/www.ramirez-derma.com\/#primaryimage"},"thumbnailUrl":"https:\/\/ramirez-derma.com\/wp-content\/uploads\/2015\/12\/icon-6.png","datePublished":"2015-12-14T04:09:47+00:00","dateModified":"2025-10-10T20:28:27+00:00","description":"{:es}Dermat\u00f3logo Tenerife Sur. Obt\u00e9n tu cita previa sin esperas. Pioneros en nuevas terapias y tratamientos avanzados en el cuidado de tu piel. Tratamiento exclusivo y personalizado. \u00a1La salud de tu piel est\u00e1 a un solo clic de distancia!{:}","breadcrumb":{"@id":"https:\/\/www.ramirez-derma.com\/#breadcrumb"},"inLanguage":"de","potentialAction":[{"@type":"ReadAction","target":["https:\/\/www.ramirez-derma.com\/"]}]},{"@type":"ImageObject","inLanguage":"de","@id":"https:\/\/www.ramirez-derma.com\/#primaryimage","url":"https:\/\/ramirez-derma.com\/wp-content\/uploads\/2015\/12\/icon-6.png","contentUrl":"https:\/\/ramirez-derma.com\/wp-content\/uploads\/2015\/12\/icon-6.png"},{"@type":"BreadcrumbList","@id":"https:\/\/www.ramirez-derma.com\/#breadcrumb","itemListElement":[{"@type":"ListItem","position":1,"name":"Portada","item":"https:\/\/www.ramirez-derma.com\/"},{"@type":"ListItem","position":2,"name":"Ramirez Derma &#8211; Dermat\u00f3logo Tenerife Sur"}]},{"@type":"WebSite","@id":"https:\/\/www.ramirez-derma.com\/#website","url":"https:\/\/www.ramirez-derma.com\/","name":"Ram\u00edrez Dermat\u00f3logos","description":"(Espa\u00f1ol) Dermat\u00f3logo Tenerife Sur. Cita previa inmediata.","potentialAction":[{"@type":"SearchAction","target":{"@type":"EntryPoint","urlTemplate":"https:\/\/www.ramirez-derma.com\/?s={search_term_string}"},"query-input":{"@type":"PropertyValueSpecification","valueRequired":true,"valueName":"search_term_string"}}],"inLanguage":"de"}]}},"_links":{"self":[{"href":"https:\/\/www.ramirez-derma.com\/de\/wp-json\/wp\/v2\/pages\/1376","targetHints":{"allow":["GET"]}}],"collection":[{"href":"https:\/\/www.ramirez-derma.com\/de\/wp-json\/wp\/v2\/pages"}],"about":[{"href":"https:\/\/www.ramirez-derma.com\/de\/wp-json\/wp\/v2\/types\/page"}],"author":[{"embeddable":true,"href":"https:\/\/www.ramirez-derma.com\/de\/wp-json\/wp\/v2\/users\/1"}],"replies":[{"embeddable":true,"href":"https:\/\/www.ramirez-derma.com\/de\/wp-json\/wp\/v2\/comments?post=1376"}],"version-history":[{"count":106,"href":"https:\/\/www.ramirez-derma.com\/de\/wp-json\/wp\/v2\/pages\/1376\/revisions"}],"predecessor-version":[{"id":1919,"href":"https:\/\/www.ramirez-derma.com\/de\/wp-json\/wp\/v2\/pages\/1376\/revisions\/1919"}],"wp:attachment":[{"href":"https:\/\/www.ramirez-derma.com\/de\/wp-json\/wp\/v2\/media?parent=1376"}],"curies":[{"name":"wp","href":"https:\/\/api.w.org\/{rel}","templated":true}]}}